{"id":16,"date":"2023-10-25T11:05:42","date_gmt":"2023-10-25T09:05:42","guid":{"rendered":"https:\/\/pflege.awo-bielefeld.de\/?page_id=16"},"modified":"2026-03-05T12:46:27","modified_gmt":"2026-03-05T11:46:27","slug":"willkommen","status":"publish","type":"page","link":"https:\/\/awo-bielefeld.org\/weiterbildung\/","title":{"rendered":"Bildung f\u00fcr alle"},"content":{"rendered":"\n<p>F\u00fcr uns ist klar: Bil\u00addung ist ein Men\u00adschen\u00adrecht \u2013 unab\u00adh\u00e4ngig von Herkun\u00adft, Alter oder Lebensweg.<\/p>\n\n\n\n<p>Hier find\u00aden Sie Ange\u00adbote, die Sie st\u00e4rken, weit\u00ader\u00adbrin\u00adgen und verbinden. F\u00fcr Sie. F\u00fcr alle.<\/p>\n\n\n\n<p>Unser Schw\u00ader\u00adpunkt liegt auf Sprach\u00adf\u00f6rderung und beru\u00adflich\u00ader Ori\u00aden\u00adtierung und Weit\u00ader\u00adbil\u00addung. Wir bieten Inte\u00adgra\u00adtionskurse, Beruf\u00adssprachkurse, offene Sprachtr\u00ade\u00adffs, indi\u00advidu\u00adelles Sprach\u00adcoach\u00ading und spezielle Kurse f\u00fcr bes\u00adtimmte Beruf\u00ads\u00adgrup\u00adpen wie Medi\u00adzin\u00ader<em>innen oder P\u00e4d\u00ada\u00adgog<\/em>innen. Auch Betriebe k\u00f6n\u00adnen bei uns pass\u00adge\u00adnaue Deutschtrain\u00adings f\u00fcr ihre Mitar\u00adbei\u00adt\u00aden\u00adden buchen. Ver\u00advoll\u00adst\u00e4ndigt wird das Ganze durch unser Bil\u00addungswerk mit prax\u00adis\u00adna\u00adhen Fort\u00adbil\u00addun\u00adgen f\u00fcr Fachkr\u00e4fte aus sozialen und p\u00e4d\u00ada\u00adgogis\u00adchen Berufen.<\/p>\n\n\n\n<p>Unsere Ange\u00adbote richt\u00aden sich an Zuge\u00adwan\u00adderte, Arbeitssuchende, Beruf\u00adst\u00e4tige, Fachkr\u00e4fte, junge Erwach\u00adsene, Unternehmen und alle, die gemein\u00adsam mit anderen ler\u00adnen und wach\u00adsen m\u00f6cht\u00aden.<\/p>\n\n\n\n<p><strong>Bil\u00addung f\u00fcr alle \u2013 weil Teil\u00adhabe mit Sprache und Wis\u00adsen begin\u00adnt.<\/strong><\/p>\n\n\n\n<div class=\"wp-block-columns is-layout-flex wp-container-core-columns-is-layout-d0b3c9c8 wp-block-columns-is-layout-flex\">\n<div class=\"wp-block-column is-layout-flow wp-block-column-is-layout-flow\">\n<h2 class=\"wp-block-heading\"><mark style=\"background-color:#e2001a\" class=\"has-inline-color has-custom-wei-color\">Wer wir sind<\/mark><\/h2>\n\n\n\n<p>Egal ob beru\u00adfliche Weit\u00ader\u00adbil\u00addung, Deutschler\u00adnange\u00adbote, Coach\u00ading oder Pro\u00adjek\u00adtar\u00adbeit \u2013 wir brin\u00adgen unter\u00adschiedliche Erfahrun\u00adgen, Per\u00adspek\u00adtiv\u00aden und Kul\u00adturen zusam\u00admen. Gemein\u00adsam gestal\u00adten wir Lern\u00adr\u00e4ume, in denen sich jede*r willkom\u00admen und gese\u00adhen f\u00fchlt.<\/p>\n\n\n\n<p>Wir sind ein vielf\u00e4ltiges, engagiertes Team mit Herz, Hal\u00adtung und Humor. Was uns verbindet? Die Freude an Bil\u00addung, die Liebe zur Sprache und der Wun\u00adsch, Men\u00adschen auf ihrem Weg zu begleit\u00aden.<\/p>\n<\/div>\n\n\n\n<div class=\"wp-block-column is-layout-flow wp-block-column-is-layout-flow\">\n<h2 class=\"wp-block-heading\"><mark style=\"background-color:#e2001a\" class=\"has-inline-color has-custom-wei-color\">Was wir machen<\/mark><\/h2>\n\n\n\n<p>Bei uns kann man Deutschler\u00adnen, sich f\u00fcr den Beruf weit\u00ader\u00adbilden oder durch erfahrene (Sprach-)Coaches unter\u00adst\u00fctzen lassen. Unsere Pro\u00adjek\u00adt\u00adteams haben au\u00dfer\u00addem span\u00adnende Zusatzange\u00adbote. <\/p>\n\n\n\n<p>Wir sind mit unseren Bil\u00addungsange\u00adboten \u00fcber das ganze Stadt\u00adge\u00adbi\u00adet von Biele\u00adfeld (und teil\u00adweise dar\u00fcber hin\u00adaus) pr\u00e4sent. Bil\u00addung f\u00fcr alle \u2014 m\u00f6glichst vor Ort \u2014 weil Ler\u00adnen und Leben zusam\u00admenge\u00adh\u00f6ren.<\/p>\n<\/div>\n\n\n\n<div class=\"wp-block-column is-layout-flow wp-block-column-is-layout-flow\">\n<h2 class=\"wp-block-heading\"><mark style=\"background-color:#e2001a\" class=\"has-inline-color has-custom-wei-color\">Unsere Lernplattform<\/mark><\/h2>\n\n\n\n<p>Ler\u00adnen \u2013 wann Sie wollen, wo Sie wollen. Unsere Lern\u00adplat\u00adtform bietet Ihnen prax\u00adis\u00adna\u00adh\u00ades Wis\u00adsen rund um Sprache, Beruf und gesellschaftliche Teil\u00adhabe.<\/p>\n\n\n\n<p>Ob als Erg\u00e4nzung zu unseren Kursen oder zum eigen\u00adst\u00e4ndi\u00adgen Ler\u00adnen: Hier find\u00aden Sie inter\u00adak\u00adtive Inhalte, Videos, \u00dcbun\u00adgen und Mate\u00adri\u00adalien \u2013 ver\u00adst\u00e4ndlich, flex\u00adi\u00adbel und direkt anwend\u00adbar.<\/p>\n\n\n\n<p>AWO eLearn\u00ading unter\u00adst\u00fctzt Sie dabei, in Ihrem Tem\u00adpo zu ler\u00adnen und sich gezielt weit\u00aderzuen\u00adtwick\u00adeln. F\u00fcr mehr Selb\u00adstver\u00adtrauen, mehr K\u00f6n\u00adnen \u2013 und mehr M\u00f6glichkeit\u00aden.<\/p>\n\n\n\n<p><a href=\"https:\/\/awo-elearning.de\">Weit\u00ader zur Lern\u00adplat\u00adtform<\/a><\/p>\n<\/div>\n<\/div>\n\n\n\n<div class=\"wp-block-columns is-layout-flex wp-container-core-columns-is-layout-d0b3c9c8 wp-block-columns-is-layout-flex\">\n<div class=\"wp-block-column is-layout-flow wp-block-column-is-layout-flow\">\n<h2 class=\"wp-block-heading\"><mark style=\"background-color:#e2001a\" class=\"has-inline-color has-custom-wei-color\">Unsere aktuellen Bildungsangebote<\/mark><\/h2>\n\n\n<ul class=\"wp-block-latest-posts__list wp-block-latest-posts\"><li><a class=\"wp-block-latest-posts__post-title\" href=\"https:\/\/awo-bielefeld.org\/weiterbildung\/deutsche-gebaerdensprache-dgs-fachsprachkurs-fuer-das-soziale-berufsfeld\/\">Deutsche Geb\u00e4r\u00adden\u00adsprache (DGS) f\u00fcr das soziale Berufs\u00adfeld<\/a><div class=\"wp-block-latest-posts__post-excerpt\">Dieser Kurs ver\u00admit\u00adtelt Ken\u00adnt\u00adnisse der Deutschen Geb\u00e4r\u00adden\u00adsprache (DGS) f\u00fcr soziale Berufe. Zu Beginn wer\u00adden die grundle\u00adgen\u00adden Fer\u00adtigkeit\u00aden wie Fin\u00adger\u00adal\u00adpha\u00adbet, Zahlen, Begr\u00fc\u00dfun\u00adgen und ein\u00adfache Gram\u00admatik wieder\u00adholt. Anschlie\u00dfend liegt der Fokus auf fach\u00adspez\u00adi\u00adfis\u00adch\u00ader Kom\u00admu\u00adnika\u00adtion, Rol\u00adlen\u00adspie\u00adlen und prax\u00adis\u00adna\u00adhen Szenar\u00adien im Beruf\u00adsall\u00adt\u00adag mit geh\u00f6r\u00adlosen Klient*innen. <\/div><\/li>\n<li><a class=\"wp-block-latest-posts__post-title\" href=\"https:\/\/awo-bielefeld.org\/weiterbildung\/reflexion-im-sprach-lernprozess\/\">Reflex\u00adion im (Sprach-)Lernprozess<\/a><div class=\"wp-block-latest-posts__post-excerpt\">Wie l\u00e4sst sich die Reflex\u00adions\u00adf\u00e4higkeit f\u00f6rdern und wie l\u00e4sst sich diese F\u00f6rderung in das Kurs\u00adgeschehen inte\u00adgri\u00aderen? Was ist \u00fcber\u00adhaupt Reflex\u00adion? Und was hat sie mit dem Spra\u00adchunter\u00adricht zu tun?\n\nIn dieser Fort\u00adbil\u00addung wollen wir die Rolle der (Selbst-)Reflexion \u2013 beim Sprachen\u00adler\u00adnen \u2013 beleucht\u00aden und einige prak\u00adtis\u00adche Meth\u00ado\u00add\u00aden der Reflex\u00adion erar\u00adbeit\u00aden sowie M\u00f6glichkeit\u00aden, diese in den Spra\u00adchunter\u00adricht zu inte\u00adgri\u00aderen.<\/div><\/li>\n<li><a class=\"wp-block-latest-posts__post-title\" href=\"https:\/\/awo-bielefeld.org\/weiterbildung\/ausbildung-zum-sprachcoach-nach-dem-bielefelder-konzept\/\">Zer\u00adti\u00adfikat\u00adsrei\u00adhe: Aus\u00adbil\u00addung zum Sprach\u00adcoach (nach dem Biele\u00adfelder Konzept)<\/a><div class=\"wp-block-latest-posts__post-excerpt\">\u201cLehrst du noch \u2014 oder coachst du schon?\u201d \n\nWir bieten ver\u00adschiedene Fort\u00adbil\u00addungs\u00adfor\u00admate f\u00fcr DaF\/\u00adDaZ-Lehrkr\u00e4fte die ihre Lehrkom\u00adpe\u00adten\u00adzen um Coachin\u00adgele\u00admente erweit\u00adern m\u00f6cht\u00aden. <\/div><\/li>\n<li><a class=\"wp-block-latest-posts__post-title\" href=\"https:\/\/awo-bielefeld.org\/weiterbildung\/quereinstieg-in-die-teil-stationaere-kinder-und-jugendhilfe-querkijuhi\/\">Quere\u00adin\u00adstieg in die (teil-)station\u00e4re Kinder und Jugend\u00adhil\u00adfe<\/a><div class=\"wp-block-latest-posts__post-excerpt\">Berufs\u00adbe\u00adglei\u00adt\u00aden\u00adder Kurs f\u00fcr Quereinsteiger*innen mit fach\u00adna\u00adher Aus\u00adbil\u00addung, Studi\u00adum oder Einzelfall\u00adgenehmi\u00adgung der Lan\u00addesju\u00adgend\u00e4mter NRW.<\/div><\/li>\n<li><a class=\"wp-block-latest-posts__post-title\" href=\"https:\/\/awo-bielefeld.org\/weiterbildung\/fachkraft-inklusion\/\">Zer\u00adti\u00adfikat\u00adsrei\u00adhe: Fachkraft f\u00fcr Inklu\u00adsion<\/a><div class=\"wp-block-latest-posts__post-excerpt\">Im Rah\u00admen der \u201cQual\u00adi\u00adfizierung zur Fachkraft f\u00fcr p\u00e4d\u00ada\u00adgogis\u00adche Inklu\u00adsion\u201d (160&nbsp;h, 10 Mod\u00adule) erwer\u00adben Sie fundiertes Wis\u00adsen dazu wie Sie mehr Teil\u00adhabe f\u00fcr alle Kinder in der KITA erm\u00f6glichen k\u00f6n\u00adnen. Wer\u00adden Sie zu Botschafter*innen f\u00fcr Chan\u00adcen\u00adgle\u00adich\u00adheit in ihrem Team. <\/div><\/li>\n<li><a class=\"wp-block-latest-posts__post-title\" href=\"https:\/\/awo-bielefeld.org\/weiterbildung\/sprachcoaching\/\">Sprach\u00adcoach\u00ading<\/a><div class=\"wp-block-latest-posts__post-excerpt\">Coach\u00ading ist eine inten\u00adsive indi\u00advidu\u00adelle Begleitung durch eine qual\u00adi\u00adfizierte Per\u00adson (Coach). Coach\u00ading bietet eine per\u00ads\u00f6n\u00adliche Unter\u00adst\u00fctzung bei der beru\u00adflichen Entwick\u00adlung. Beim Sprach\u00adcoach\u00ading wird au\u00dfer\u00addem beson\u00adders auf die Entwick\u00adlung der sprach\u00adlichen Kom\u00adpe\u00adten\u00adzen geachtet. Ziel ist es, die Sprachkom\u00adpe\u00adtenz zu verbessern, damit diese bess\u00ader f\u00fcr per\u00ads\u00f6n\u00adliche und beru\u00adfliche Ziele einge\u00adset\u00adzt wer\u00adden&nbsp;kann. In Erweiterung der Regelf\u00f6rderung bieten wir\u2026&nbsp;<a class=\"wp-block-latest-posts__read-more\" href=\"https:\/\/awo-bielefeld.org\/weiterbildung\/sprachcoaching\/\" rel=\"noopener noreferrer\"><span class=\"screen-reader-text\">Sprach\u00adcoach\u00ading <\/span>weit\u00ader\u00adlesen<\/a><\/div><\/li>\n<\/ul><\/div>\n\n\n\n<div class=\"wp-block-column is-layout-flow wp-block-column-is-layout-flow\"><\/div>\n<\/div>\n\n\n\n<div class=\"wp-block-media-text is-stacked-on-mobile is-style-default\"><figure class=\"wp-block-media-text__media\"><video controls src=\"https:\/\/awo-bielefeld.org\/weiterbildung\/wp-content\/uploads\/sites\/9\/2026\/02\/Bildungscheck-2.0-3.mp4\"><\/video><\/figure><div class=\"wp-block-media-text__content\">\n<p><strong>Info\u00adpost 1\/2026: <br>Bil\u00addungscheck 2.0<\/strong><\/p>\n\n\n\n<p><em>Weit\u00ader\u00adbil\u00addung ist (zu) teuer? Jet\u00adzt vielle\u00adicht nicht mehr? <br>Der Bil\u00addungss\u00adcheck 2.0 ist ver\u00adf\u00fcg\u00adbar! <\/em><\/p>\n\n\n\n<p>Was das f\u00fcr Sie hei\u00dft!<\/p>\n\n\n\n<p>Ein\u00adfach beim ESF Online Por\u00adtal anmelden und Einkom\u00admenss\u00adteuerbescheid, Teil\u00adnah\u00admebest\u00e4\u00adti\u00adgung und Rech\u00adnung der Weit\u00ader\u00adbil\u00addung hochladen. Sp\u00e4ter ggf. bis max. 50 % (bis zu 500 Euro pro Jahr) der Aus\u00adgaben f\u00fcr die berufs\u00adbe\u00adzo\u00adgene Weit\u00ader\u00adbil\u00addung wieder\u00adbekom\u00admen. <\/p>\n\n\n\n<p>F\u00f6rder\u00adf\u00e4hig sind Per\u00adso\u00adn\u00aden mit Wohn\u00adsitz in Nor\u00addrhein-West\u00adfalen und einem zu ver\u00ads\u00adteuern\u00adden Jahre\u00adseinkom\u00admen von max\u00adi\u00admal 50.000 Euro (bei zusam\u00admen ver\u00adan\u00adlagten Ehep\u00adaaren max\u00adi\u00admal 100.000 Euro)<\/p>\n\n\n\n<p> Mehr Infos find\u00aden Sie auf dem <a href=\"https:\/\/www.weiterbildung.nrw.de\/buergerinnen\/finanzierung\/bildungsscheck-2\">Weit\u00ader\u00adbil\u00addungsportal NRW<\/a> <\/p>\n<\/div><\/div>\n\n\n\n<ul class=\"wp-block-social-links is-layout-flex wp-block-social-links-is-layout-flex\"><li class=\"wp-social-link wp-social-link-instagram  wp-block-social-link\"><a href=\"https:\/\/www.instagram.com\/awobildung\/\" class=\"wp-block-social-link-anchor\"><svg width=\"24\" height=\"24\" viewBox=\"0 0 24 24\" version=\"1.1\" aria-hidden=\"true\" focusable=\"false\"><path d=\"M12,4.622c2.403,0,2.688,0.009,3.637,0.052c0.877,0.04,1.354,0.187,1.671,0.31c0.42,0.163,0.72,0.358,1.035,0.673 c0.315,0.315,0.51,0.615,0.673,1.035c0.123,0.317,0.27,0.794,0.31,1.671c0.043,0.949,0.052,1.234,0.052,3.637 s-0.009,2.688-0.052,3.637c-0.04,0.877-0.187,1.354-0.31,1.671c-0.163,0.42-0.358,0.72-0.673,1.035 c-0.315,0.315-0.615,0.51-1.035,0.673c-0.317,0.123-0.794,0.27-1.671,0.31c-0.949,0.043-1.233,0.052-3.637,0.052 s-2.688-0.009-3.637-0.052c-0.877-0.04-1.354-0.187-1.671-0.31c-0.42-0.163-0.72-0.358-1.035-0.673 c-0.315-0.315-0.51-0.615-0.673-1.035c-0.123-0.317-0.27-0.794-0.31-1.671C4.631,14.688,4.622,14.403,4.622,12 s0.009-2.688,0.052-3.637c0.04-0.877,0.187-1.354,0.31-1.671c0.163-0.42,0.358-0.72,0.673-1.035 c0.315-0.315,0.615-0.51,1.035-0.673c0.317-0.123,0.794-0.27,1.671-0.31C9.312,4.631,9.597,4.622,12,4.622 M12,3 C9.556,3,9.249,3.01,8.289,3.054C7.331,3.098,6.677,3.25,6.105,3.472C5.513,3.702,5.011,4.01,4.511,4.511 c-0.5,0.5-0.808,1.002-1.038,1.594C3.25,6.677,3.098,7.331,3.054,8.289C3.01,9.249,3,9.556,3,12c0,2.444,0.01,2.751,0.054,3.711 c0.044,0.958,0.196,1.612,0.418,2.185c0.23,0.592,0.538,1.094,1.038,1.594c0.5,0.5,1.002,0.808,1.594,1.038 c0.572,0.222,1.227,0.375,2.185,0.418C9.249,20.99,9.556,21,12,21s2.751-0.01,3.711-0.054c0.958-0.044,1.612-0.196,2.185-0.418 c0.592-0.23,1.094-0.538,1.594-1.038c0.5-0.5,0.808-1.002,1.038-1.594c0.222-0.572,0.375-1.227,0.418-2.185 C20.99,14.751,21,14.444,21,12s-0.01-2.751-0.054-3.711c-0.044-0.958-0.196-1.612-0.418-2.185c-0.23-0.592-0.538-1.094-1.038-1.594 c-0.5-0.5-1.002-0.808-1.594-1.038c-0.572-0.222-1.227-0.375-2.185-0.418C14.751,3.01,14.444,3,12,3L12,3z M12,7.378 c-2.552,0-4.622,2.069-4.622,4.622S9.448,16.622,12,16.622s4.622-2.069,4.622-4.622S14.552,7.378,12,7.378z M12,15 c-1.657,0-3-1.343-3-3s1.343-3,3-3s3,1.343,3,3S13.657,15,12,15z M16.804,6.116c-0.596,0-1.08,0.484-1.08,1.08 s0.484,1.08,1.08,1.08c0.596,0,1.08-0.484,1.08-1.08S17.401,6.116,16.804,6.116z\" \/><\/svg><span class=\"wp-block-social-link-label screen-reader-text\">Insta\u00adgram<\/span><\/a><\/li>\n\n<li class=\"wp-social-link wp-social-link-linkedin  wp-block-social-link\"><a href=\"https:\/\/www.linkedin.com\/company\/103525463\/admin\/dashboard\/\" class=\"wp-block-social-link-anchor\"><svg width=\"24\" height=\"24\" viewBox=\"0 0 24 24\" version=\"1.1\" aria-hidden=\"true\" focusable=\"false\"><path d=\"M19.7,3H4.3C3.582,3,3,3.582,3,4.3v15.4C3,20.418,3.582,21,4.3,21h15.4c0.718,0,1.3-0.582,1.3-1.3V4.3 C21,3.582,20.418,3,19.7,3z M8.339,18.338H5.667v-8.59h2.672V18.338z M7.004,8.574c-0.857,0-1.549-0.694-1.549-1.548 c0-0.855,0.691-1.548,1.549-1.548c0.854,0,1.547,0.694,1.547,1.548C8.551,7.881,7.858,8.574,7.004,8.574z M18.339,18.338h-2.669 v-4.177c0-0.996-0.017-2.278-1.387-2.278c-1.389,0-1.601,1.086-1.601,2.206v4.249h-2.667v-8.59h2.559v1.174h0.037 c0.356-0.675,1.227-1.387,2.526-1.387c2.703,0,3.203,1.779,3.203,4.092V18.338z\" \/><\/svg><span class=\"wp-block-social-link-label screen-reader-text\">LinkedIn<\/span><\/a><\/li>\n\n<li class=\"wp-social-link wp-social-link-facebook  wp-block-social-link\"><a href=\"https:\/\/www.facebook.com\/profile.php?id=61578167597335\" class=\"wp-block-social-link-anchor\"><svg width=\"24\" height=\"24\" viewBox=\"0 0 24 24\" version=\"1.1\" aria-hidden=\"true\" focusable=\"false\"><path d=\"M12 2C6.5 2 2 6.5 2 12c0 5 3.7 9.1 8.4 9.9v-7H7.9V12h2.5V9.8c0-2.5 1.5-3.9 3.8-3.9 1.1 0 2.2.2 2.2.2v2.5h-1.3c-1.2 0-1.6.8-1.6 1.6V12h2.8l-.4 2.9h-2.3v7C18.3 21.1 22 17 22 12c0-5.5-4.5-10-10-10z\" \/><\/svg><span class=\"wp-block-social-link-label screen-reader-text\">Face\u00adbook<\/span><\/a><\/li><\/ul>\n\n\n\n<p class=\"has-text-align-right\"><a href=\"https:\/\/awo-bielefeld.org\/weiterbildung\/wp-content\/uploads\/sites\/9\/2026\/01\/251112_AGB_-WBW-1.pdf\" data-type=\"attachment\" data-id=\"961\">All\u00adge\u00admeine Gesch\u00e4fts\u00adbe\u00addin\u00adgun\u00adgen (AGB)<\/a><\/p>\n","protected":false},"excerpt":{"rendered":"<p>F\u00fcr uns ist klar: Bil\u00addung ist ein Men\u00adschen\u00adrecht \u2013 unab\u00adh\u00e4ngig von Herkun\u00adft, Alter oder Lebensweg. Hier find\u00aden Sie Ange\u00adbote, die Sie st\u00e4rken, weit\u00ader\u00adbrin\u00adgen und verbinden. F\u00fcr Sie. F\u00fcr alle. Unser Schw\u00ader\u00adpunkt liegt auf Sprach\u00adf\u00f6rderung und beru\u00adflich\u00ader Ori\u00aden\u00adtierung und Weit\u00ader\u00adbil\u00addung. Wir bieten Inte\u00adgra\u00adtionskurse, Beruf\u00adssprachkurse, offene Sprachtr\u00ade\u00adffs, indi\u00advidu\u00adelles Sprach\u00adcoach\u00ading und spezielle Kurse f\u00fcr bes\u00adtimmte Beruf\u00ads\u00adgrup\u00adpen wie Medi\u00adzin\u00aderinnen [\u2026]<\/p>\n","protected":false},"author":1,"featured_media":607,"parent":0,"menu_order":0,"comment_status":"closed","ping_status":"closed","template":"","meta":{"wp_typography_post_enhancements_disabled":false,"footnotes":""},"class_list":["post-16","page","type-page","status-publish","has-post-thumbnail","hentry"],"publishpress_future_action":{"enabled":false,"date":"2026-05-06 15:51:14","action":"change-status","newStatus":"draft","terms":[],"taxonomy":"","extraData":[]},"publishpress_future_workflow_manual_trigger":{"enabledWorkflows":[]},"_links":{"self":[{"href":"https:\/\/awo-bielefeld.org\/weiterbildung\/wp-json\/wp\/v2\/pages\/16","targetHints":{"allow":["GET"]}}],"collection":[{"href":"https:\/\/awo-bielefeld.org\/weiterbildung\/wp-json\/wp\/v2\/pages"}],"about":[{"href":"https:\/\/awo-bielefeld.org\/weiterbildung\/wp-json\/wp\/v2\/types\/page"}],"author":[{"embeddable":true,"href":"https:\/\/awo-bielefeld.org\/weiterbildung\/wp-json\/wp\/v2\/users\/1"}],"replies":[{"embeddable":true,"href":"https:\/\/awo-bielefeld.org\/weiterbildung\/wp-json\/wp\/v2\/comments?post=16"}],"version-history":[{"count":35,"href":"https:\/\/awo-bielefeld.org\/weiterbildung\/wp-json\/wp\/v2\/pages\/16\/revisions"}],"predecessor-version":[{"id":1071,"href":"https:\/\/awo-bielefeld.org\/weiterbildung\/wp-json\/wp\/v2\/pages\/16\/revisions\/1071"}],"wp:featuredmedia":[{"embeddable":true,"href":"https:\/\/awo-bielefeld.org\/weiterbildung\/wp-json\/wp\/v2\/media\/607"}],"wp:attachment":[{"href":"https:\/\/awo-bielefeld.org\/weiterbildung\/wp-json\/wp\/v2\/media?parent=16"}],"curies":[{"name":"wp","href":"https:\/\/api.w.org\/{rel}","templated":true}]}}